{"id":769,"date":"2022-05-10T16:04:11","date_gmt":"2022-05-10T14:04:11","guid":{"rendered":"https:\/\/www.gruener-baum-leidersbach.de\/agb\/"},"modified":"2022-06-30T14:39:16","modified_gmt":"2022-06-30T12:39:16","slug":"gtc","status":"publish","type":"page","link":"https:\/\/www.gruener-baum-leidersbach.de\/en\/gtc\/","title":{"rendered":"GTC"},"content":{"rendered":"<p><div class=\"fusion-fullwidth fullwidth-box fusion-builder-row-1 fusion-flex-container nonhundred-percent-fullwidth non-hundred-percent-height-scrolling\" style=\"--awb-border-radius-top-left:0px;--awb-border-radius-top-right:0px;--awb-border-radius-bottom-right:0px;--awb-border-radius-bottom-left:0px;--awb-flex-wrap:wrap;\" ><div class=\"fusion-builder-row fusion-row fusion-flex-align-items-flex-start fusion-flex-content-wrap\" style=\"max-width:1248px;margin-left: calc(-4% \/ 2 );margin-right: calc(-4% \/ 2 );\"><div class=\"fusion-layout-column fusion_builder_column fusion-builder-column-0 fusion_builder_column_1_1 1_1 fusion-flex-column\" style=\"--awb-bg-size:cover;--awb-width-large:100%;--awb-margin-top-large:0px;--awb-spacing-right-large:1.92%;--awb-margin-bottom-large:20px;--awb-spacing-left-large:1.92%;--awb-width-medium:100%;--awb-order-medium:0;--awb-spacing-right-medium:1.92%;--awb-spacing-left-medium:1.92%;--awb-width-small:100%;--awb-order-small:0;--awb-spacing-right-small:1.92%;--awb-spacing-left-small:1.92%;\"><div class=\"fusion-column-wrapper fusion-column-has-shadow fusion-flex-justify-content-flex-start fusion-content-layout-column\"><div class=\"fusion-title title fusion-title-1 fusion-sep-none fusion-title-text fusion-title-size-one\" style=\"--awb-margin-top-small:10px;--awb-margin-right-small:0px;--awb-margin-bottom-small:10px;--awb-margin-left-small:0px;\"><h1 class=\"fusion-title-heading title-heading-left fusion-responsive-typography-calculated\" style=\"margin:0;--fontSize:50;line-height:var(--awb-typography1-line-height);\">General Terms and Conditions (GTC)<\/h1><\/div><div class=\"fusion-title title fusion-title-2 fusion-sep-none fusion-title-text fusion-title-size-two\" style=\"--awb-margin-top-small:10px;--awb-margin-right-small:0px;--awb-margin-bottom-small:10px;--awb-margin-left-small:0px;\"><h2 class=\"fusion-title-heading title-heading-left fusion-responsive-typography-calculated\" style=\"margin:0;--fontSize:43;line-height:var(--awb-typography1-line-height);\"><p>der Gastst\u00e4tte und Pension Gr\u00fcner Baum,<br \/>\nInhaber Timmy Schnatz:<\/p><\/h2><\/div><\/div><\/div><\/div><\/div><div class=\"fusion-fullwidth fullwidth-box fusion-builder-row-2 fusion-flex-container nonhundred-percent-fullwidth non-hundred-percent-height-scrolling\" style=\"--awb-border-radius-top-left:0px;--awb-border-radius-top-right:0px;--awb-border-radius-bottom-right:0px;--awb-border-radius-bottom-left:0px;--awb-flex-wrap:wrap;\" ><div class=\"fusion-builder-row fusion-row fusion-flex-align-items-flex-start fusion-flex-content-wrap\" style=\"max-width:1248px;margin-left: calc(-4% \/ 2 );margin-right: calc(-4% \/ 2 );\"><div class=\"fusion-layout-column fusion_builder_column fusion-builder-column-1 fusion_builder_column_1_1 1_1 fusion-flex-column\" style=\"--awb-bg-size:cover;--awb-width-large:100%;--awb-margin-top-large:0px;--awb-spacing-right-large:1.92%;--awb-margin-bottom-large:20px;--awb-spacing-left-large:1.92%;--awb-width-medium:100%;--awb-order-medium:0;--awb-spacing-right-medium:1.92%;--awb-spacing-left-medium:1.92%;--awb-width-small:100%;--awb-order-small:0;--awb-spacing-right-small:1.92%;--awb-spacing-left-small:1.92%;\"><div class=\"fusion-column-wrapper fusion-column-has-shadow fusion-flex-justify-content-flex-start fusion-content-layout-column\"><div class=\"fusion-title title fusion-title-3 fusion-sep-none fusion-title-text fusion-title-size-three\" style=\"--awb-margin-top-small:10px;--awb-margin-right-small:0px;--awb-margin-bottom-small:10px;--awb-margin-left-small:0px;\"><h3 class=\"fusion-title-heading title-heading-left fusion-responsive-typography-calculated\" style=\"margin:0;--fontSize:37;line-height:var(--awb-typography1-line-height);\">1. Geltungsbereich<\/h3><\/div><div class=\"fusion-text fusion-text-1\"><ul>\n<li>Diese Gesch\u00e4ftsbedingungen gelten f\u00fcr s\u00e4mtliche Beherbergungsvertr\u00e4ge der Gastst\u00e4tte und Pension Gr\u00fcner Baum.<\/li>\n<li>Alle Vereinbarungen zwischen der Gastst\u00e4tte und Pension Gr\u00fcner Baum und dem anderen Vertragsteil werden schriftlich niedergelegt. Rechtlich verbindlich ist im Zweifel die Buchungsbest\u00e4tigung der Gastst\u00e4tte.<\/li>\n<li>Die Schriftform liegt auch vor, wenn der Schriftverkehr \u00fcber E-Mail erfolgt ist. Der andere Vertragspartner muss seinen Namen, Vornamen und die vollst\u00e4ndige Anschrift \u00fcbermitteln.<\/li>\n<li>Gesch\u00e4ftsbedingungen des Kunden\/Vertragspartners finden keine Anwendung.<\/li>\n<\/ul>\n<\/div><\/div><\/div><\/div><\/div><div class=\"fusion-fullwidth fullwidth-box fusion-builder-row-3 fusion-flex-container nonhundred-percent-fullwidth non-hundred-percent-height-scrolling\" style=\"--awb-border-radius-top-left:0px;--awb-border-radius-top-right:0px;--awb-border-radius-bottom-right:0px;--awb-border-radius-bottom-left:0px;--awb-flex-wrap:wrap;\" ><div class=\"fusion-builder-row fusion-row fusion-flex-align-items-flex-start fusion-flex-content-wrap\" style=\"max-width:1248px;margin-left: calc(-4% \/ 2 );margin-right: calc(-4% \/ 2 );\"><div class=\"fusion-layout-column fusion_builder_column fusion-builder-column-2 fusion_builder_column_1_1 1_1 fusion-flex-column\" style=\"--awb-bg-size:cover;--awb-width-large:100%;--awb-margin-top-large:0px;--awb-spacing-right-large:1.92%;--awb-margin-bottom-large:20px;--awb-spacing-left-large:1.92%;--awb-width-medium:100%;--awb-order-medium:0;--awb-spacing-right-medium:1.92%;--awb-spacing-left-medium:1.92%;--awb-width-small:100%;--awb-order-small:0;--awb-spacing-right-small:1.92%;--awb-spacing-left-small:1.92%;\"><div class=\"fusion-column-wrapper fusion-column-has-shadow fusion-flex-justify-content-flex-start fusion-content-layout-column\"><div class=\"fusion-title title fusion-title-4 fusion-sep-none fusion-title-text fusion-title-size-three\" style=\"--awb-margin-top-small:10px;--awb-margin-right-small:0px;--awb-margin-bottom-small:10px;--awb-margin-left-small:0px;\"><h3 class=\"fusion-title-heading title-heading-left fusion-responsive-typography-calculated\" style=\"margin:0;--fontSize:37;line-height:var(--awb-typography1-line-height);\">2. Allgemeiner Teil<\/h3><\/div><div class=\"fusion-text fusion-text-2\"><ul>\n<li>Gerichtsstand und Erf\u00fcllungsort ist Obernburg am Main. Dies gilt auch f\u00fcr Scheck- und Wechselklagen.<\/li>\n<li>Unsere Preise sind freibleibend und unverbindlich. Auftr\u00e4ge, Reservierungen und Nebenabreden werden erst durch schriftliche Best\u00e4tigung durch die Gastst\u00e4tte und Pension Gr\u00fcner Baum f\u00fcr uns verbindlich.<\/li>\n<li>F\u00fcr Schlechterf\u00fcllung unserer vertraglichen Verpflichtungen durch uns einschlie\u00dflich der F\u00e4lle des Unverm\u00f6gens, Unm\u00f6glichkeit oder Verzug, leisten wir Schadensersatz nur in F\u00e4llen des Vorsatzes und der groben Fahrl\u00e4ssigkeit. Unsere eventuelle Haftung beschr\u00e4nkt sich auf 10% des Wertes des betreffenden Teils unserer Leistung. Die Verj\u00e4hrungsfrist betr\u00e4gt f\u00fcr alle Anspr\u00fcche des Kunden 6 Monate.<\/li>\n<li>Gegen unsere Zahlungsanspr\u00fcche kann mit Gegenforderungen nur aufgerechnet werden, wenn die Gegenforderung von uns zugestanden oder rechtskr\u00e4ftig festgestellt worden ist. Zur\u00fcckbehaltungsrechte gegen uns werden, soweit gesetzlich zul\u00e4ssig, ausgeschlossen.<\/li>\n<\/ul>\n<\/div><\/div><\/div><\/div><\/div><div class=\"fusion-fullwidth fullwidth-box fusion-builder-row-4 fusion-flex-container nonhundred-percent-fullwidth non-hundred-percent-height-scrolling\" style=\"--awb-border-radius-top-left:0px;--awb-border-radius-top-right:0px;--awb-border-radius-bottom-right:0px;--awb-border-radius-bottom-left:0px;--awb-flex-wrap:wrap;\" ><div class=\"fusion-builder-row fusion-row fusion-flex-align-items-flex-start fusion-flex-content-wrap\" style=\"max-width:1248px;margin-left: calc(-4% \/ 2 );margin-right: calc(-4% \/ 2 );\"><div class=\"fusion-layout-column fusion_builder_column fusion-builder-column-3 fusion_builder_column_1_1 1_1 fusion-flex-column\" style=\"--awb-bg-size:cover;--awb-width-large:100%;--awb-margin-top-large:0px;--awb-spacing-right-large:1.92%;--awb-margin-bottom-large:20px;--awb-spacing-left-large:1.92%;--awb-width-medium:100%;--awb-order-medium:0;--awb-spacing-right-medium:1.92%;--awb-spacing-left-medium:1.92%;--awb-width-small:100%;--awb-order-small:0;--awb-spacing-right-small:1.92%;--awb-spacing-left-small:1.92%;\"><div class=\"fusion-column-wrapper fusion-column-has-shadow fusion-flex-justify-content-flex-start fusion-content-layout-column\"><div class=\"fusion-title title fusion-title-5 fusion-sep-none fusion-title-text fusion-title-size-three\" style=\"--awb-margin-top-small:10px;--awb-margin-right-small:0px;--awb-margin-bottom-small:10px;--awb-margin-left-small:0px;\"><h3 class=\"fusion-title-heading title-heading-left fusion-responsive-typography-calculated\" style=\"margin:0;--fontSize:37;line-height:var(--awb-typography1-line-height);\">3. Besonderer Teil<\/h3><\/div><div class=\"fusion-text fusion-text-3\"><ul>\n<li>Der Gastaufnahmevertrag (Mietvertrag) ist abgeschlossen, sobald das Zimmer bestellt oder zugesagt bzw. bereitgestellt worden ist. Der Abschluss des Gastaufnahmevertrages (Mietvertrag) verpflichtet die Vertragspartner zur Erf\u00fcllung des Vertrages, gleichg\u00fcltig auf welche Dauer der Vertrag abgeschlossen worden ist. Der Vertrag kann nicht einseitig gel\u00f6st werden. Optionsdaten sind f\u00fcr beide Partner verbindlich.<\/li>\n<li>Die Unter- oder Weitervermietung der \u00fcberlassenen Zimmer sowie deren Nutzung zu anderen als Beherbergungszwecken bed\u00fcrfen der vorherigen schriftlichen Zustimmung der Gastst\u00e4tte und Pension Gr\u00fcner Baum.<\/li>\n<li>Sofern ein R\u00fccktrittsrecht des Kunden innerhalb einer bestimmten Frist schriftlich vereinbart wurde, ist die Gastst\u00e4tte und Pension Gr\u00fcner Baum in diesem Zeitraum ebenfalls berechtigt, vom Vertrag zur\u00fcckzutreten, wenn Anfragen anderer Kunden der Gastst\u00e4tte und Pension Gr\u00fcner Baum nach den vertraglich gebuchten Zimmern vorliegen und der Kunde auf R\u00fcckfrage des auf sein Recht zum R\u00fccktritt nicht verzichtet.<\/li>\n<li>Bei Um- bzw. Abbestellungen von reservierten Zimmern werden in Rechnung gestellt:\n<ul>\n<li>Storno bis 72 Stunden vor Anreisetag kostenlos<\/li>\n<li>Storno zwischen 56 Stunden und 24 Stunden vorher: 40% der bestellten Leistung<\/li>\n<li>Storno innerhalb 24 Stunden vor Anreise: 80% der bestellten Leistung.<\/li>\n<li>Die Stornierungsgeb\u00fchren werden um den Betrag der Logis vermindert, die durch die Weiter\u00advermietung der stornierten Zimmer zum bestellten Termin erzielt werden k\u00f6nnen.<\/li>\n<\/ul>\n<\/li>\n<li>Der Kunde erwirbt keinen Anspruch auf Bereitstellung bestimmter Zimmer. Sollten vereinbarte Zimmer, aus welchen Gr\u00fcnden auch immer, nicht verf\u00fcgbar sein, sind wir verpflichtet f\u00fcr gleichwertigen Ersatz ggf. auch au\u00dferhalb des Hauses, soweit dies zumutbar ist, Sorge zu tragen.<\/li>\n<li>Der Kunde oder Besucher tr\u00e4gt das alleinige Haftungsrisiko f\u00fcr Gegenst\u00e4nde oder Materialien die er in allgemein zug\u00e4nglichen R\u00e4umen der Gastst\u00e4tte und Pension Gr\u00fcner Baum hinterlassen hat. Im Zimmer kann eine Haftung nur dann \u00fcbernommen werden, wenn es sich um pers\u00f6nliche Gegenst\u00e4nde des Kunden handelt, die er zum Zeitpunkt der Nutzung des Zimmers effektiv ben\u00f6tigt. F\u00fcr Wertgegenst\u00e4nde, Schmuck, Bargeld usw. wird keinerlei Haftung \u00fcbernommen. Ansonsten gelten die gesetzlichen Bestimmungen.<\/li>\n<li>Soweit dem Kunden ein Stellplatz auf dem Hauseigenem Parkplatz zur Verf\u00fcgung gestellt wird, kommt dadurch kein Verwahrungsvertrag zustande. Bei Abhandenkommen oder Besch\u00e4digung auf dem Hotelgrundst\u00fcck abgestellter oder rangierter Kraftfahrzeuge und deren Inhalte haftet die Gastst\u00e4tte und Pension Gr\u00fcner Baum nicht, au\u00dfer bei Vorsatz oder grober Fahrl\u00e4ssigkeit. Dies gilt auch f\u00fcr Erf\u00fcllungsgehilfen der Gastst\u00e4tte und Pension Gr\u00fcner Baum.<\/li>\n<\/ul>\n<\/div><\/div><\/div><\/div><\/div><div class=\"fusion-fullwidth fullwidth-box fusion-builder-row-5 fusion-flex-container nonhundred-percent-fullwidth non-hundred-percent-height-scrolling\" style=\"--awb-border-radius-top-left:0px;--awb-border-radius-top-right:0px;--awb-border-radius-bottom-right:0px;--awb-border-radius-bottom-left:0px;--awb-flex-wrap:wrap;\" ><div class=\"fusion-builder-row fusion-row fusion-flex-align-items-flex-start fusion-flex-content-wrap\" style=\"max-width:1248px;margin-left: calc(-4% \/ 2 );margin-right: calc(-4% \/ 2 );\"><div class=\"fusion-layout-column fusion_builder_column fusion-builder-column-4 fusion_builder_column_1_1 1_1 fusion-flex-column\" style=\"--awb-bg-size:cover;--awb-width-large:100%;--awb-margin-top-large:0px;--awb-spacing-right-large:1.92%;--awb-margin-bottom-large:20px;--awb-spacing-left-large:1.92%;--awb-width-medium:100%;--awb-order-medium:0;--awb-spacing-right-medium:1.92%;--awb-spacing-left-medium:1.92%;--awb-width-small:100%;--awb-order-small:0;--awb-spacing-right-small:1.92%;--awb-spacing-left-small:1.92%;\"><div class=\"fusion-column-wrapper fusion-column-has-shadow fusion-flex-justify-content-flex-start fusion-content-layout-column\"><div class=\"fusion-title title fusion-title-6 fusion-sep-none fusion-title-text fusion-title-size-three\" style=\"--awb-margin-top-small:10px;--awb-margin-right-small:0px;--awb-margin-bottom-small:10px;--awb-margin-left-small:0px;\"><h3 class=\"fusion-title-heading title-heading-left fusion-responsive-typography-calculated\" style=\"margin:0;--fontSize:37;line-height:var(--awb-typography1-line-height);\">Anreise-\/Abreisezeiten:<\/h3><\/div><div class=\"fusion-text fusion-text-4\"><ul>\n<li>Montag bis Sonntag zwischen 14 &#8211; 22 Uhr.<\/li>\n<li>Am vereinbarten Abreisetag sind die Zimmer dem Hotel sp\u00e4testens um 11.00 Uhr ger\u00e4umt zur Verf\u00fcgung zu stellen. Danach kann die Gastst\u00e4tte und Pension Gr\u00fcner Baum \u00fcber den ihm dadurch entstehenden Schaden hinaus f\u00fcr die zus\u00e4tzliche Nutzung des Zimmers bis 18.00 Uhr 50% des vollen Logispreises (Listenpreises) in Rechnung stellen, ab 18.00 Uhr 100%. Dem Kunden steht es frei, der Gastst\u00e4tte und Pension Gr\u00fcner Baum nachzuweisen, dass dieser kein oder ein wesentlich niedrigerer Schaden entstanden ist.<\/li>\n<\/ul>\n<\/div><\/div><\/div><div class=\"fusion-layout-column fusion_builder_column fusion-builder-column-5 fusion_builder_column_1_1 1_1 fusion-flex-column\" style=\"--awb-bg-size:cover;--awb-width-large:100%;--awb-margin-top-large:0px;--awb-spacing-right-large:1.92%;--awb-margin-bottom-large:20px;--awb-spacing-left-large:1.92%;--awb-width-medium:100%;--awb-order-medium:0;--awb-spacing-right-medium:1.92%;--awb-spacing-left-medium:1.92%;--awb-width-small:100%;--awb-order-small:0;--awb-spacing-right-small:1.92%;--awb-spacing-left-small:1.92%;\"><div class=\"fusion-column-wrapper fusion-column-has-shadow fusion-flex-justify-content-flex-start fusion-content-layout-column\"><div class=\"fusion-text fusion-text-5\"><p><small>Stand: M\u00e4rz 2013<\/small><\/p>\n<\/div><\/div><\/div><\/div><\/div><\/p>\n","protected":false},"excerpt":{"rendered":"","protected":false},"author":1,"featured_media":0,"parent":0,"menu_order":0,"comment_status":"closed","ping_status":"closed","template":"100-width.php","meta":{"footnotes":""},"class_list":["post-769","page","type-page","status-publish","hentry"],"yoast_head":"<!-- This site is optimized with the Yoast SEO plugin v27.5 - https:\/\/yoast.com\/product\/yoast-seo-wordpress\/ -->\n<title>GTC - Gr\u00fcner Baum Leidersbach<\/title>\n<meta name=\"robots\" content=\"index, follow, max-snippet:-1, max-image-preview:large, max-video-preview:-1\" \/>\n<link rel=\"canonical\" href=\"https:\/\/www.gruener-baum-leidersbach.de\/en\/gtc\/\" \/>\n<meta property=\"og:locale\" content=\"en_US\" \/>\n<meta property=\"og:type\" content=\"article\" \/>\n<meta property=\"og:title\" content=\"GTC - Gr\u00fcner Baum Leidersbach\" \/>\n<meta property=\"og:url\" content=\"https:\/\/www.gruener-baum-leidersbach.de\/en\/gtc\/\" \/>\n<meta property=\"og:site_name\" content=\"Gr\u00fcner Baum Leidersbach\" \/>\n<meta property=\"article:publisher\" content=\"https:\/\/www.facebook.com\/Grner-Baum-1631552750406224\/\" \/>\n<meta property=\"article:modified_time\" content=\"2022-06-30T12:39:16+00:00\" \/>\n<meta name=\"twitter:card\" content=\"summary_large_image\" \/>\n<meta name=\"twitter:label1\" content=\"Est. reading time\" \/>\n\t<meta name=\"twitter:data1\" content=\"26 minutes\" \/>\n<script type=\"application\/ld+json\" class=\"yoast-schema-graph\">{\"@context\":\"https:\\\/\\\/schema.org\",\"@graph\":[{\"@type\":\"WebPage\",\"@id\":\"https:\\\/\\\/www.gruener-baum-leidersbach.de\\\/en\\\/gtc\\\/\",\"url\":\"https:\\\/\\\/www.gruener-baum-leidersbach.de\\\/en\\\/gtc\\\/\",\"name\":\"GTC - Gr\u00fcner Baum Leidersbach\",\"isPartOf\":{\"@id\":\"https:\\\/\\\/www.gruener-baum-leidersbach.de\\\/en\\\/#website\"},\"datePublished\":\"2022-05-10T14:04:11+00:00\",\"dateModified\":\"2022-06-30T12:39:16+00:00\",\"breadcrumb\":{\"@id\":\"https:\\\/\\\/www.gruener-baum-leidersbach.de\\\/en\\\/gtc\\\/#breadcrumb\"},\"inLanguage\":\"en-US\",\"potentialAction\":[{\"@type\":\"ReadAction\",\"target\":[\"https:\\\/\\\/www.gruener-baum-leidersbach.de\\\/en\\\/gtc\\\/\"]}]},{\"@type\":\"BreadcrumbList\",\"@id\":\"https:\\\/\\\/www.gruener-baum-leidersbach.de\\\/en\\\/gtc\\\/#breadcrumb\",\"itemListElement\":[{\"@type\":\"ListItem\",\"position\":1,\"name\":\"Startseite\",\"item\":\"https:\\\/\\\/www.gruener-baum-leidersbach.de\\\/en\\\/\"},{\"@type\":\"ListItem\",\"position\":2,\"name\":\"GTC\"}]},{\"@type\":\"WebSite\",\"@id\":\"https:\\\/\\\/www.gruener-baum-leidersbach.de\\\/en\\\/#website\",\"url\":\"https:\\\/\\\/www.gruener-baum-leidersbach.de\\\/en\\\/\",\"name\":\"Gr\u00fcner Baum Leidersbach\",\"description\":\"Landgasthof und Pension im Spessart bei Aschaffenburg\",\"publisher\":{\"@id\":\"https:\\\/\\\/www.gruener-baum-leidersbach.de\\\/en\\\/#organization\"},\"potentialAction\":[{\"@type\":\"SearchAction\",\"target\":{\"@type\":\"EntryPoint\",\"urlTemplate\":\"https:\\\/\\\/www.gruener-baum-leidersbach.de\\\/en\\\/?s={search_term_string}\"},\"query-input\":{\"@type\":\"PropertyValueSpecification\",\"valueRequired\":true,\"valueName\":\"search_term_string\"}}],\"inLanguage\":\"en-US\"},{\"@type\":\"Organization\",\"@id\":\"https:\\\/\\\/www.gruener-baum-leidersbach.de\\\/en\\\/#organization\",\"name\":\"Landgasthof und Pension Gr\u00fcner Baum\",\"url\":\"https:\\\/\\\/www.gruener-baum-leidersbach.de\\\/en\\\/\",\"logo\":{\"@type\":\"ImageObject\",\"inLanguage\":\"en-US\",\"@id\":\"https:\\\/\\\/www.gruener-baum-leidersbach.de\\\/en\\\/#\\\/schema\\\/logo\\\/image\\\/\",\"url\":\"https:\\\/\\\/www.gruener-baum-leidersbach.de\\\/wp-content\\\/uploads\\\/2022\\\/05\\\/logo_GB2019_4c.png\",\"contentUrl\":\"https:\\\/\\\/www.gruener-baum-leidersbach.de\\\/wp-content\\\/uploads\\\/2022\\\/05\\\/logo_GB2019_4c.png\",\"width\":499,\"height\":444,\"caption\":\"Landgasthof und Pension Gr\u00fcner Baum\"},\"image\":{\"@id\":\"https:\\\/\\\/www.gruener-baum-leidersbach.de\\\/en\\\/#\\\/schema\\\/logo\\\/image\\\/\"},\"sameAs\":[\"https:\\\/\\\/www.facebook.com\\\/Grner-Baum-1631552750406224\\\/\",\"https:\\\/\\\/www.instagram.com\\\/gruener_baum_leidersbach\\\/\"]}]}<\/script>\n<!-- \/ Yoast SEO plugin. -->","yoast_head_json":{"title":"GTC - Gr\u00fcner Baum Leidersbach","robots":{"index":"index","follow":"follow","max-snippet":"max-snippet:-1","max-image-preview":"max-image-preview:large","max-video-preview":"max-video-preview:-1"},"canonical":"https:\/\/www.gruener-baum-leidersbach.de\/en\/gtc\/","og_locale":"en_US","og_type":"article","og_title":"GTC - Gr\u00fcner Baum Leidersbach","og_url":"https:\/\/www.gruener-baum-leidersbach.de\/en\/gtc\/","og_site_name":"Gr\u00fcner Baum Leidersbach","article_publisher":"https:\/\/www.facebook.com\/Grner-Baum-1631552750406224\/","article_modified_time":"2022-06-30T12:39:16+00:00","twitter_card":"summary_large_image","twitter_misc":{"Est. reading time":"26 minutes"},"schema":{"@context":"https:\/\/schema.org","@graph":[{"@type":"WebPage","@id":"https:\/\/www.gruener-baum-leidersbach.de\/en\/gtc\/","url":"https:\/\/www.gruener-baum-leidersbach.de\/en\/gtc\/","name":"GTC - Gr\u00fcner Baum Leidersbach","isPartOf":{"@id":"https:\/\/www.gruener-baum-leidersbach.de\/en\/#website"},"datePublished":"2022-05-10T14:04:11+00:00","dateModified":"2022-06-30T12:39:16+00:00","breadcrumb":{"@id":"https:\/\/www.gruener-baum-leidersbach.de\/en\/gtc\/#breadcrumb"},"inLanguage":"en-US","potentialAction":[{"@type":"ReadAction","target":["https:\/\/www.gruener-baum-leidersbach.de\/en\/gtc\/"]}]},{"@type":"BreadcrumbList","@id":"https:\/\/www.gruener-baum-leidersbach.de\/en\/gtc\/#breadcrumb","itemListElement":[{"@type":"ListItem","position":1,"name":"Startseite","item":"https:\/\/www.gruener-baum-leidersbach.de\/en\/"},{"@type":"ListItem","position":2,"name":"GTC"}]},{"@type":"WebSite","@id":"https:\/\/www.gruener-baum-leidersbach.de\/en\/#website","url":"https:\/\/www.gruener-baum-leidersbach.de\/en\/","name":"Gr\u00fcner Baum Leidersbach","description":"Landgasthof und Pension im Spessart bei Aschaffenburg","publisher":{"@id":"https:\/\/www.gruener-baum-leidersbach.de\/en\/#organization"},"potentialAction":[{"@type":"SearchAction","target":{"@type":"EntryPoint","urlTemplate":"https:\/\/www.gruener-baum-leidersbach.de\/en\/?s={search_term_string}"},"query-input":{"@type":"PropertyValueSpecification","valueRequired":true,"valueName":"search_term_string"}}],"inLanguage":"en-US"},{"@type":"Organization","@id":"https:\/\/www.gruener-baum-leidersbach.de\/en\/#organization","name":"Landgasthof und Pension Gr\u00fcner Baum","url":"https:\/\/www.gruener-baum-leidersbach.de\/en\/","logo":{"@type":"ImageObject","inLanguage":"en-US","@id":"https:\/\/www.gruener-baum-leidersbach.de\/en\/#\/schema\/logo\/image\/","url":"https:\/\/www.gruener-baum-leidersbach.de\/wp-content\/uploads\/2022\/05\/logo_GB2019_4c.png","contentUrl":"https:\/\/www.gruener-baum-leidersbach.de\/wp-content\/uploads\/2022\/05\/logo_GB2019_4c.png","width":499,"height":444,"caption":"Landgasthof und Pension Gr\u00fcner Baum"},"image":{"@id":"https:\/\/www.gruener-baum-leidersbach.de\/en\/#\/schema\/logo\/image\/"},"sameAs":["https:\/\/www.facebook.com\/Grner-Baum-1631552750406224\/","https:\/\/www.instagram.com\/gruener_baum_leidersbach\/"]}]}},"_links":{"self":[{"href":"https:\/\/www.gruener-baum-leidersbach.de\/en\/wp-json\/wp\/v2\/pages\/769","targetHints":{"allow":["GET"]}}],"collection":[{"href":"https:\/\/www.gruener-baum-leidersbach.de\/en\/wp-json\/wp\/v2\/pages"}],"about":[{"href":"https:\/\/www.gruener-baum-leidersbach.de\/en\/wp-json\/wp\/v2\/types\/page"}],"author":[{"embeddable":true,"href":"https:\/\/www.gruener-baum-leidersbach.de\/en\/wp-json\/wp\/v2\/users\/1"}],"replies":[{"embeddable":true,"href":"https:\/\/www.gruener-baum-leidersbach.de\/en\/wp-json\/wp\/v2\/comments?post=769"}],"version-history":[{"count":6,"href":"https:\/\/www.gruener-baum-leidersbach.de\/en\/wp-json\/wp\/v2\/pages\/769\/revisions"}],"predecessor-version":[{"id":776,"href":"https:\/\/www.gruener-baum-leidersbach.de\/en\/wp-json\/wp\/v2\/pages\/769\/revisions\/776"}],"wp:attachment":[{"href":"https:\/\/www.gruener-baum-leidersbach.de\/en\/wp-json\/wp\/v2\/media?parent=769"}],"curies":[{"name":"wp","href":"https:\/\/api.w.org\/{rel}","templated":true}]}}